{"id":87,"date":"2020-04-20T22:14:19","date_gmt":"2020-04-20T22:14:19","guid":{"rendered":"http:\/\/wp.kindergarten-pusteblume.de\/?page_id=87"},"modified":"2025-10-29T10:20:46","modified_gmt":"2025-10-29T10:20:46","slug":"anmeldung-philosophie-kindergartengeschichte","status":"publish","type":"page","link":"https:\/\/www.kindergarten-pusteblume.de\/WordPress_01\/?page_id=87","title":{"rendered":"Anmeldung"},"content":{"rendered":"\n<figure class=\"wp-block-image size-large is-resized\"><img loading=\"lazy\" decoding=\"async\" width=\"30\" height=\"65\" src=\"https:\/\/www.kindergarten-pusteblume.de\/WordPress_01\/wp-content\/uploads\/2020\/04\/fallschirmchen_002-1.gif\" alt=\"\" class=\"wp-image-195\" style=\"width:30px;height:65px\"\/><\/figure>\n\n\n\n<div class=\"wp-block-group\"><div class=\"wp-block-group__inner-container is-layout-flow wp-block-group-is-layout-flow\">\n<h2 class=\"wp-block-heading\">Tag der offenen T\u00fcr<\/h2>\n\n\n\n<p>Zwischen <strong>Januar und M\u00e4rz <\/strong>findet j\u00e4hrlich ein Tag der offenen T\u00fcr statt. Interessierte Eltern erhalten zusammen mit ihren Kindern einen ersten Einblick in die Atmosph\u00e4re der Pusteblume und in unsere p\u00e4dagogische Arbeit.<\/p>\n\n\n\n<p>Es gibt Raum f\u00fcr den gemeinsamen Dialog und Sie erhalten Antworten auf Ihre Fragen. Gerne bieten wir Ihnen die Gelegenheit, an diesem Tag einen individuellen Vorgespr\u00e4chstermin zu vereinbaren. Wir freuen uns, wenn Sie dieses Angebot nutzen, um Ihre Entscheidung, ob ein Betreuungsplatz in einer Elterninitiative zu Ihren W\u00fcnschen passt, zu erleichtern.<\/p>\n\n\n\n<p>Das ehrenamtliche Engagement aller Eltern, ist neben allen gesetzlichen staatlichen Vorgaben, eine wesentliche Voraussetzung f\u00fcr den Platzerhalt.<\/p>\n\n\n\n<p>Der Termin wird rechtzeitig auf der Webseite der Gemeinde Ottobrunn und hier ver\u00f6ffentlicht.<\/p>\n\n\n\n<p>Der n\u00e4chste <strong>Tag der offenen T\u00fcr<\/strong> wird am <strong>Dienstag, den 24.Februar 2026<\/strong> von <strong>15:00 \u2013 17:00 Uhr <\/strong>stattfinden. Bitte haben Sie Verst\u00e4ndnis, dass eine Besichtigung ausschlie\u00dflich zu diesem Termin angeboten wird.<\/p>\n\n\n\n<p>Eine Anmeldung f\u00fcr einen Kindergartenplatz ist <strong>nur noch<\/strong> \u00fcber das <strong>zentrale Online-Anmeldeverfahren<\/strong> aller Ottobrunner Einrichtungen m\u00f6glich. Informationen k\u00f6nnen <a href=\"https:\/\/www.ottobrunn.de\/bildung-soziales\/kinder-jugendliche\/kitaplatz-anmeldung\" target=\"_blank\" rel=\"noreferrer noopener\">hier <\/a>auf der Webseite der Gemeinde nachgelesen werden.<\/p>\n\n\n\n<h2 class=\"wp-block-heading\">Aufnahme von &#8222;Gast&#8220;kindern<\/h2>\n\n\n\n<p>Der Kindergarten Pusteblume wird von der Gemeinde Ottobrunn unterst\u00fctzt und bezuschusst. Aus diesem Grund haben Anmeldungen von Kindern aus dem Gemeindegebiet Ottobrunn, die bereits 3 Jahre oder \u00e4lter sind, die h\u00f6chste Priorit\u00e4t bei der Verteilung unserer freien Pl\u00e4tze. Kinder aus Nachbargemeinden k\u00f6nnen angemeldet werden, sie k\u00f6nnen bei der Vergabe jedoch nur ber\u00fccksichtigt werden, wenn Pl\u00e4tze frei bleiben.<\/p>\n\n\n\n<p>Hinweis (Januar 2025): Aktuell stehen leider keine Kindergartenpl\u00e4tze f\u00fcr \u201eGast\u201ckinder zur Verf\u00fcgung.<\/p>\n\n\n\n<h2 class=\"wp-block-heading\">Mindestalter<\/h2>\n\n\n\n<p>Das Mindestalter f\u00fcr die Anmeldung des Kindes ist 2,5 Jahre. Eine Aufnahme von Kindern unter 3 Jahren erfolgt jedoch nur in Ausnahmef\u00e4llen. \u00dcber die Aufnahme entscheidet die Kindergartenleitung in Abstimmung mit den Erzieherinnen.<\/p>\n\n\n\n<h2 class=\"wp-block-heading\">Ansprechpartnerin<\/h2>\n\n\n\n<p>Ansprechpartnerin : Frau Kratzer, Tel. (089) 6083395<\/p>\n<\/div><\/div>\n\n\n\n<div class=\"wp-block-group\"><div class=\"wp-block-group__inner-container is-layout-flow wp-block-group-is-layout-flow\"><\/div><\/div>\n\n\n\n<div class=\"wp-block-group\"><div class=\"wp-block-group__inner-container is-layout-flow wp-block-group-is-layout-flow\"><\/div><\/div>\n\n\n\n<p><\/p>\n","protected":false},"excerpt":{"rendered":"<p>Tag der offenen T\u00fcr Zwischen Januar und M\u00e4rz findet j\u00e4hrlich ein Tag der offenen T\u00fcr statt. Interessierte Eltern erhalten zusammen mit ihren Kindern einen ersten Einblick in die Atmosph\u00e4re der Pusteblume und in unsere p\u00e4dagogische Arbeit. Es gibt Raum f\u00fcr den gemeinsamen Dialog und Sie erhalten Antworten auf Ihre Fragen. Gerne bieten wir Ihnen die &hellip; <\/p>\n<p class=\"link-more\"><a href=\"https:\/\/www.kindergarten-pusteblume.de\/WordPress_01\/?page_id=87\" class=\"more-link\"><span class=\"screen-reader-text\">\u201eAnmeldung\u201c<\/span> weiterlesen<\/a><\/p>\n","protected":false},"author":5,"featured_media":0,"parent":13,"menu_order":0,"comment_status":"closed","ping_status":"closed","template":"","meta":{"footnotes":""},"_links":{"self":[{"href":"https:\/\/www.kindergarten-pusteblume.de\/WordPress_01\/index.php?rest_route=\/wp\/v2\/pages\/87"}],"collection":[{"href":"https:\/\/www.kindergarten-pusteblume.de\/WordPress_01\/index.php?rest_route=\/wp\/v2\/pages"}],"about":[{"href":"https:\/\/www.kindergarten-pusteblume.de\/WordPress_01\/index.php?rest_route=\/wp\/v2\/types\/page"}],"author":[{"embeddable":true,"href":"https:\/\/www.kindergarten-pusteblume.de\/WordPress_01\/index.php?rest_route=\/wp\/v2\/users\/5"}],"replies":[{"embeddable":true,"href":"https:\/\/www.kindergarten-pusteblume.de\/WordPress_01\/index.php?rest_route=%2Fwp%2Fv2%2Fcomments&post=87"}],"version-history":[{"count":41,"href":"https:\/\/www.kindergarten-pusteblume.de\/WordPress_01\/index.php?rest_route=\/wp\/v2\/pages\/87\/revisions"}],"predecessor-version":[{"id":1270,"href":"https:\/\/www.kindergarten-pusteblume.de\/WordPress_01\/index.php?rest_route=\/wp\/v2\/pages\/87\/revisions\/1270"}],"up":[{"embeddable":true,"href":"https:\/\/www.kindergarten-pusteblume.de\/WordPress_01\/index.php?rest_route=\/wp\/v2\/pages\/13"}],"wp:attachment":[{"href":"https:\/\/www.kindergarten-pusteblume.de\/WordPress_01\/index.php?rest_route=%2Fwp%2Fv2%2Fmedia&parent=87"}],"curies":[{"name":"wp","href":"https:\/\/api.w.org\/{rel}","templated":true}]}}